{"id":46845,"date":"2023-03-17T09:30:52","date_gmt":"2023-03-17T08:30:52","guid":{"rendered":"https:\/\/2023.fim-6days.com\/sustainability\/"},"modified":"2023-11-09T09:26:52","modified_gmt":"2023-11-09T08:26:52","slug":"sustentabilidad","status":"publish","type":"page","link":"https:\/\/2023.fim-6days.com\/es\/sustentabilidad\/","title":{"rendered":"SUSTENTABILIDAD"},"content":{"rendered":"<p><div class=\"fusion-fullwidth fullwidth-box fusion-builder-row-1 nonhundred-percent-fullwidth non-hundred-percent-height-scrolling\" style=\"--awb-background-position:center top;--awb-border-radius-top-left:0px;--awb-border-radius-top-right:0px;--awb-border-radius-bottom-right:0px;--awb-border-radius-bottom-left:0px;--awb-padding-top:10%;--awb-padding-bottom:1%;--awb-flex-wrap:wrap;\" ><div class=\"fusion-builder-row fusion-row\"><div class=\"fusion-layout-column fusion_builder_column fusion-builder-column-0 fusion_builder_column_1_1 1_1 fusion-one-full fusion-column-first fusion-column-last\" style=\"--awb-bg-size:cover;\"><div class=\"fusion-column-wrapper fusion-column-has-shadow fusion-flex-column-wrapper-legacy\"><div class=\"fusion-image-element fusion-image-align-center in-legacy-container\" style=\"text-align:center;--awb-margin-bottom:5px;--awb-caption-title-font-family:var(--h2_typography-font-family);--awb-caption-title-font-weight:var(--h2_typography-font-weight);--awb-caption-title-font-style:var(--h2_typography-font-style);--awb-caption-title-size:var(--h2_typography-font-size);--awb-caption-title-transform:var(--h2_typography-text-transform);--awb-caption-title-line-height:var(--h2_typography-line-height);--awb-caption-title-letter-spacing:var(--h2_typography-letter-spacing);\"><div class=\"imageframe-align-center\"><span class=\" fusion-imageframe imageframe-none imageframe-1 hover-type-none\"><img decoding=\"async\" width=\"300\" height=\"300\" title=\"GREEN_COM_ColorBG\" src=\"https:\/\/2023.fim-6days.com\/wp-content\/uploads\/sites\/8\/2022\/08\/GREEN_COM_ColorBG-300x300.jpg\" alt class=\"img-responsive wp-image-46552\" srcset=\"https:\/\/2023.fim-6days.com\/wp-content\/uploads\/sites\/8\/2022\/08\/GREEN_COM_ColorBG-200x200.jpg 200w, https:\/\/2023.fim-6days.com\/wp-content\/uploads\/sites\/8\/2022\/08\/GREEN_COM_ColorBG-400x400.jpg 400w, https:\/\/2023.fim-6days.com\/wp-content\/uploads\/sites\/8\/2022\/08\/GREEN_COM_ColorBG-600x600.jpg 600w, https:\/\/2023.fim-6days.com\/wp-content\/uploads\/sites\/8\/2022\/08\/GREEN_COM_ColorBG-800x800.jpg 800w, https:\/\/2023.fim-6days.com\/wp-content\/uploads\/sites\/8\/2022\/08\/GREEN_COM_ColorBG-1200x1200.jpg 1200w, https:\/\/2023.fim-6days.com\/wp-content\/uploads\/sites\/8\/2022\/08\/GREEN_COM_ColorBG.jpg 1772w\" sizes=\"(max-width: 900px) 100vw, 300px\" \/><\/span><\/div><\/div><div class=\"fusion-title title fusion-title-1 sep-underline sep-solid fusion-title-text fusion-title-size-two\" style=\"--awb-text-color:#24226a;\"><h2 class=\"fusion-title-heading title-heading-left fusion-responsive-typography-calculated\" style=\"margin:0;--fontSize:28;line-height:1.1;\">UN ISDE 2023 SOSTENIBLE PARA TODOS<\/h2><\/div><div class=\"fusion-text fusion-text-1 fusion-text-no-margin\" style=\"--awb-margin-top:5%;--awb-margin-bottom:5%;\"><p>Todos los eventos de la FIM cuentan con reglamentos obligatorios y sanciones por incumplimiento de las normas de protecci\u00f3n medioambiental descritas en el C\u00f3digo Medioambiental de la FIM. Adem\u00e1s, cuentan con directrices para organizar eventos de alto impacto basadas en una serie de medidas de mitigaci\u00f3n para proteger los recursos naturales y apoyar la consecuci\u00f3n de los ODS. La FIM cuenta con un equipo t\u00e9cnico altamente capacitado para llevar a cabo mediciones de sonido con el fin de que las motocicletas participantes no superen los l\u00edmites permitidos por la normativa t\u00e9cnica y medioambiental. Adem\u00e1s, cada evento sancionado por la FIM cuenta con la presencia de un comisario medioambiental que ha sido formado por instructores expertos de la Academia de la FIM en materia de sostenibilidad, que ha superado un riguroso sistema de selecci\u00f3n y evaluaci\u00f3n y que debe poseer una licencia internacional de comisario medioambiental.<\/p>\n<p>A principios de a\u00f1o, CAMOD, la Confederaci\u00f3n Argentina de Motociclismo Deportivo, los organizadores y la FIM organizaron un seminario para formar a los comisarios y al personal de este evento.<\/p>\n<p>Cada piloto debe respetar el C\u00f3digo Medioambiental de la FIM y debe ir equipado con una alfombra protectora bajo su moto. Se podr\u00e1n adquirir alfombras homologadas en el paddock. Es obligatorio disponer de un extintor en funcionamiento en cada \u00e1rea de servicio.<\/p>\n<\/div><div class=\"fusion-title title fusion-title-2 sep-underline sep-solid fusion-title-text fusion-title-size-three\" style=\"--awb-text-color:#24226a;\"><h3 class=\"fusion-title-heading title-heading-left fusion-responsive-typography-calculated\" style=\"margin:0;--fontSize:28;line-height:1.1;\">Control del nivel sonoro y prevenci\u00f3n de la contaminaci\u00f3n por ruidos<\/h3><\/div><div class=\"fusion-text fusion-text-2\" style=\"--awb-margin-top:2%;\"><p>Los especialistas en medici\u00f3n ac\u00fastica de motocicletas de la FIM realizan inspecciones t\u00e9cnicas en todas las motocicletas de los participantes, incluidas mediciones de decibeles, utilizando equipos y m\u00e9todos de medici\u00f3n avanzados. El evento cuenta con un experimentado Oficial de Control de Sonido (SCO) y\/o un ingeniero ac\u00fastico. Adem\u00e1s, los escapes y los silenciadores deben cumplir todos los requisitos relativos al control del sonido (art 1.79 Y 1.31 del reglamento t\u00e9cnico de los Enduro ISDE).<\/p>\n<p>El sistema de sonido en el paddock tambi\u00e9n est\u00e1 regulado y es adecuado para minimizar el impacto.<\/p>\n<p>Minimizar el sonido procedente del funcionamiento de los veh\u00edculos de competici\u00f3n, apoyo y organizaci\u00f3n, siguiendo un control para detectar si se superan los l\u00edmites permitidos y evitar da\u00f1os a la salud humana y\/o a la fauna local.<\/p>\n<p>(Para m\u00e1s informaci\u00f3n, consulte el Plan de Gesti\u00f3n de la Sostenibilidad).<\/p>\n<\/div><div class=\"fusion-clearfix\"><\/div><\/div><\/div><\/div><\/div><div class=\"fusion-fullwidth fullwidth-box fusion-builder-row-2 nonhundred-percent-fullwidth non-hundred-percent-height-scrolling\" style=\"--awb-background-position:center top;--awb-border-radius-top-left:0px;--awb-border-radius-top-right:0px;--awb-border-radius-bottom-right:0px;--awb-border-radius-bottom-left:0px;--awb-padding-top:0px;--awb-padding-bottom:0%;--awb-flex-wrap:wrap;\" ><div class=\"fusion-builder-row fusion-row\"><div class=\"fusion-layout-column fusion_builder_column fusion-builder-column-1 fusion_builder_column_1_1 1_1 fusion-one-full fusion-column-first fusion-column-last\" style=\"--awb-bg-size:cover;\"><div class=\"fusion-column-wrapper fusion-column-has-shadow fusion-flex-column-wrapper-legacy\"><div class=\"fusion-title title fusion-title-3 sep-underline sep-solid fusion-title-text fusion-title-size-three\" style=\"--awb-text-color:#24226a;\"><h3 class=\"fusion-title-heading title-heading-left fusion-responsive-typography-calculated\" style=\"margin:0;--fontSize:28;line-height:1.1;\">Evaluaci\u00f3n del impacto ambiental (EIA)<\/h3><\/div><div class=\"fusion-text fusion-text-3\" style=\"--awb-margin-top:2%;\"><p>La Evaluaci\u00f3n de Impacto Ambiental (EIA) fue realizada por un ingeniero nacional que tambi\u00e9n es Responsable de Medio Ambiente de la FIM. La EIA es un documento obligatorio a nivel nacional que tiene como objetivo identificar, predecir, evaluar y mitigar los posibles impactos ambientales que un proyecto o actividad pueda causar a corto, mediano y largo plazo. Es un procedimiento t\u00e9cnico-administrativo de car\u00e1cter preventivo, previsto por la Ley N\u00ba 25.675, tambi\u00e9n conocida como Ley General del Ambiente, que faculta a la autoridad ambiental competente a otorgar licencias ambientales. Se encuentra disponible en la secretar\u00eda del evento a solicitud del interesado.<\/p>\n<\/div><div class=\"fusion-title title fusion-title-4 sep-underline sep-solid fusion-title-text fusion-title-size-three\" style=\"--awb-text-color:#24226a;\"><h3 class=\"fusion-title-heading title-heading-left fusion-responsive-typography-calculated\" style=\"margin:0;--fontSize:28;line-height:1.1;\">Selecci\u00f3n de rutas<\/h3><\/div><div class=\"fusion-text fusion-text-4\" style=\"--awb-margin-top:2%;\"><p>Esta competici\u00f3n tiene lugar en varios lugares de San Juan. Sin embargo, el paddock ser\u00e1 el mismo a lo largo de todas las pruebas, que se desarrollar\u00e1n en el Circuito San Juan Villicum ubicado en Albard\u00f3n, localidad de la zona norte de San Juan. El circuito est\u00e1 situado en una zona monta\u00f1osa con poca vegetaci\u00f3n. Est\u00e1 a unos 17 km de la capital y no es una zona muy concurrida. El trazado est\u00e1 homologado por la FIA y la FIM, lo que lo convierte en un lugar ideal para esta actividad. Las instalaciones disponibles en el circuito incluyen control de carrera, seguridad, instalaciones de agua, electricidad, aparcamiento, un helipuerto y un hospital. +eventos (M\u00e1s Eventos), el Organizador, la entidad del Gobierno local Turismo y Cultura, y la Secretar\u00eda de Estado de Medio Ambiente y Desarrollo Sostenible han participado para mejorar esta relaci\u00f3n antes, durante y despu\u00e9s del evento.<\/p>\n<\/div><div class=\"fusion-clearfix\"><\/div><\/div><\/div><\/div><\/div><div class=\"fusion-fullwidth fullwidth-box fusion-builder-row-3 nonhundred-percent-fullwidth non-hundred-percent-height-scrolling\" style=\"--awb-background-position:center top;--awb-border-radius-top-left:0px;--awb-border-radius-top-right:0px;--awb-border-radius-bottom-right:0px;--awb-border-radius-bottom-left:0px;--awb-padding-top:0px;--awb-padding-bottom:0px;--awb-flex-wrap:wrap;\" ><div class=\"fusion-builder-row fusion-row\"><div class=\"fusion-layout-column fusion_builder_column fusion-builder-column-2 fusion_builder_column_1_1 1_1 fusion-one-full fusion-column-first fusion-column-last\" style=\"--awb-bg-size:cover;\"><div class=\"fusion-column-wrapper fusion-column-has-shadow fusion-flex-column-wrapper-legacy\"><div class=\"fusion-title title fusion-title-5 sep-underline sep-solid fusion-title-text fusion-title-size-three\" style=\"--awb-text-color:#24226a;\"><h3 class=\"fusion-title-heading title-heading-left fusion-responsive-typography-calculated\" style=\"margin:0;--fontSize:28;line-height:1.1;\">Respeto del patrimonio nacional y local<\/h3><\/div><div class=\"fusion-text fusion-text-5\" style=\"--awb-margin-top:2%;\"><p>Las autoridades locales se coordinar\u00e1n para restringir el acceso a las zonas protegidas.<br \/>\nSe ha establecido una zona reservada a los espectadores para mejorar la seguridad y proteger las zonas sensibles del evento.<\/p>\n<\/div><div class=\"fusion-title title fusion-title-6 sep-underline sep-solid fusion-title-text fusion-title-size-three\" style=\"--awb-text-color:#24226a;\"><h3 class=\"fusion-title-heading title-heading-left fusion-responsive-typography-calculated\" style=\"margin:0;--fontSize:28;line-height:1.1;\">Medidas para proteger el suelo y la biodiversidad<\/h3><\/div><div class=\"fusion-text fusion-text-6\" style=\"--awb-margin-top:2%;\"><p><strong>Calidad del suelo <\/strong><\/p>\n<p>La organizaci\u00f3n se compromete a restaurar los suelos alterados resultantes de las diferentes actividades llevadas a cabo durante el desarrollo del evento. Para la prevenci\u00f3n de derrames de aceites, grasas y otras sustancias contaminantes, el personal que trabaja con materiales peligrosos ha sido instruido para actuar en caso de accidentes que puedan causar contaminaci\u00f3n.<\/p>\n<p>Todos los participantes deben utilizar una alfombra medioambiental regulada seg\u00fan las especificaciones del C\u00f3digo Medioambiental de la FIM tanto en el Parc Ferm\u00e9 como en todos los controles y zonas de repostaje. (Las condiciones espec\u00edficas se aplican en cada evento y se describen en el reglamento suplementario) Las zonas de lavado de motocicletas tambi\u00e9n deben tener un drenaje y superficies adecuados. (C\u00f3digo medioambiental de la FIM). Dentro del paddock, habr\u00e1 una zona de lavado espec\u00edfica.<\/p>\n<\/div><div class=\"fusion-clearfix\"><\/div><\/div><\/div><\/div><\/div><div class=\"fusion-fullwidth fullwidth-box fusion-builder-row-4 nonhundred-percent-fullwidth non-hundred-percent-height-scrolling\" style=\"--awb-background-position:center top;--awb-border-radius-top-left:0px;--awb-border-radius-top-right:0px;--awb-border-radius-bottom-right:0px;--awb-border-radius-bottom-left:0px;--awb-padding-top:0px;--awb-padding-bottom:0px;--awb-flex-wrap:wrap;\" ><div class=\"fusion-builder-row fusion-row\"><div class=\"fusion-layout-column fusion_builder_column fusion-builder-column-3 fusion_builder_column_1_1 1_1 fusion-one-full fusion-column-first fusion-column-last\" style=\"--awb-bg-size:cover;\"><div class=\"fusion-column-wrapper fusion-column-has-shadow fusion-flex-column-wrapper-legacy\"><div class=\"fusion-title title fusion-title-7 sep-underline sep-solid fusion-title-text fusion-title-size-three\" style=\"--awb-text-color:#24226a;\"><h3 class=\"fusion-title-heading title-heading-left fusion-responsive-typography-calculated\" style=\"margin:0;--fontSize:28;line-height:1.1;\">Respeto de la flora y la fauna<\/h3><\/div><div class=\"fusion-text fusion-text-7\" style=\"--awb-margin-top:2%;\"><p>La protecci\u00f3n de la biodiversidad es de suma importancia para la organizaci\u00f3n. Deber\u00e1 aplicarse un plan de protecci\u00f3n de la fauna y la flora de la zona de estudio, centr\u00e1ndose en las zonas donde se encuentran los sectores de salida, llegada y abastecimiento.<\/p>\n<\/div><div class=\"fusion-title title fusion-title-8 sep-underline sep-solid fusion-title-text fusion-title-size-three\" style=\"--awb-text-color:#24226a;\"><h3 class=\"fusion-title-heading title-heading-left fusion-responsive-typography-calculated\" style=\"margin:0;--fontSize:28;line-height:1.1;\">Acciones<\/h3><\/div><div class=\"fusion-text fusion-text-8\" style=\"--awb-margin-top:2%;\"><p>&#8211; Preservar la flora existente en las zonas afectadas directa e indirectamente por el proyecto.<br \/>\n&#8211; En el paddock habr\u00e1 una mesa informativa de la Secretar\u00eda de Estado de Ambiente y Desarrollo Sustentable de San Juan para concientizar a todos los participantes del evento.<br \/>\n&#8211; Se proh\u00edbe la extracci\u00f3n y tala de especies vegetales en las \u00e1reas directas e indirectas.<\/p>\n<\/div><div class=\"fusion-title title fusion-title-9 sep-underline sep-solid fusion-title-text fusion-title-size-three\" style=\"--awb-text-color:#24226a;\"><h3 class=\"fusion-title-heading title-heading-left fusion-responsive-typography-calculated\" style=\"margin:0;--fontSize:28;line-height:1.1;\">Control estricto de los residuos generados<\/h3><\/div><div class=\"fusion-text fusion-text-9\" style=\"--awb-margin-top:2%;\"><p>La gesti\u00f3n de residuos del evento se coordinar\u00e1 con los Municipios de la provincia. Se ha preparado personal y equipos espec\u00edficos para llevar a cabo esta tarea.<\/p>\n<p>En el caso del Paddock, la operaci\u00f3n de recogida y eliminaci\u00f3n transitoria de residuos la realiza una empresa contratada para residuos especiales y peligrosos. (M\u00e1s informaci\u00f3n en el Plan de Gesti\u00f3n de la Sostenibilidad disponible en la app Sportity)<\/p>\n<\/div><div class=\"fusion-title title fusion-title-10 sep-underline sep-solid fusion-title-text fusion-title-size-three\" style=\"--awb-text-color:#24226a;\"><h3 class=\"fusion-title-heading title-heading-left fusion-responsive-typography-calculated\" style=\"margin:0;--fontSize:28;line-height:1.1;\">Normas Paddock ISDE<\/h3><\/div><div class=\"fusion-text fusion-text-10\" style=\"--awb-margin-top:2%;\"><p>1\/ Est\u00e1 terminantemente prohibido arrojar las aguas residuales al suelo. El incumplimiento de esta norma puede acarrear \u00a0acciones judiciales directas por parte de las autoridades locales competentes (polic\u00eda medioambiental). Se invita a los equipos a recoger sus aguas residuales en un dep\u00f3sito y a vaciarlas en el lugar adecuado situado a la entrada del paddock y claramente indicado.<\/p>\n<\/div><div class=\"fusion-clearfix\"><\/div><\/div><\/div><\/div><\/div><div class=\"fusion-fullwidth fullwidth-box fusion-builder-row-5 nonhundred-percent-fullwidth non-hundred-percent-height-scrolling\" style=\"--awb-background-position:center top;--awb-border-radius-top-left:0px;--awb-border-radius-top-right:0px;--awb-border-radius-bottom-right:0px;--awb-border-radius-bottom-left:0px;--awb-padding-top:0px;--awb-padding-bottom:0px;--awb-flex-wrap:wrap;\" ><div class=\"fusion-builder-row fusion-row\"><div class=\"fusion-layout-column fusion_builder_column fusion-builder-column-4 fusion_builder_column_1_1 1_1 fusion-one-full fusion-column-first fusion-column-last\" style=\"--awb-bg-size:cover;\"><div class=\"fusion-column-wrapper fusion-column-has-shadow fusion-flex-column-wrapper-legacy\"><div class=\"fusion-title title fusion-title-11 sep-underline sep-solid fusion-title-text fusion-title-size-three\" style=\"--awb-text-color:#24226a;\"><h3 class=\"fusion-title-heading title-heading-left fusion-responsive-typography-calculated\" style=\"margin:0;--fontSize:28;line-height:1.1;\">Sensibilizar a los participantes sobre el comportamiento responsable<\/h3><\/div><div class=\"fusion-text fusion-text-11\" style=\"--awb-margin-top:2%;\"><p>Todos los participantes en una competici\u00f3n FIM est\u00e1n llamados a respetar y cumplir la normativa vigente.<\/p>\n<p>En las pruebas y en el paddock, un mensaje sonoro, producido por la Federaci\u00f3n Nacional, ser\u00e1 emitido regularmente por el locutor en el lugar de destino de los espectadores para la seguridad y el respeto de la naturaleza y del medio ambiente.<\/p>\n<\/div><div class=\"fusion-clearfix\"><\/div><\/div><\/div><\/div><\/div><div class=\"fusion-fullwidth fullwidth-box fusion-builder-row-6 nonhundred-percent-fullwidth non-hundred-percent-height-scrolling\" style=\"--awb-background-position:center top;--awb-border-radius-top-left:0px;--awb-border-radius-top-right:0px;--awb-border-radius-bottom-right:0px;--awb-border-radius-bottom-left:0px;--awb-padding-top:0px;--awb-padding-bottom:0px;--awb-flex-wrap:wrap;\" ><div class=\"fusion-builder-row fusion-row\"><div class=\"fusion-layout-column fusion_builder_column fusion-builder-column-5 fusion_builder_column_1_1 1_1 fusion-one-full fusion-column-first fusion-column-last\" style=\"--awb-bg-size:cover;\"><div class=\"fusion-column-wrapper fusion-column-has-shadow fusion-flex-column-wrapper-legacy\"><div class=\"fusion-title title fusion-title-12 sep-underline sep-solid fusion-title-text fusion-title-size-three\" style=\"--awb-text-color:#24226a;\"><h3 class=\"fusion-title-heading title-heading-left fusion-responsive-typography-calculated\" style=\"margin:0;--fontSize:28;line-height:1.1;\">Reducci\u00f3n del consumo de papel<\/h3><\/div><div class=\"fusion-text fusion-text-12\" style=\"--awb-margin-top:2%;\"><p>Todos los resultados y reglamentos se gestionar\u00e1n a trav\u00e9s de una aplicaci\u00f3n m\u00f3vil especial, lo que reducir\u00e1 significativamente el consumo de papel.<\/p>\n<\/div><div class=\"fusion-title title fusion-title-13 sep-underline sep-solid fusion-title-text fusion-title-size-three\" style=\"--awb-text-color:#24226a;\"><h3 class=\"fusion-title-heading title-heading-left fusion-responsive-typography-calculated\" style=\"margin:0;--fontSize:28;line-height:1.1;\">Objetivos de Desarrollo Sostenible (ODS)<\/h3><\/div><div class=\"fusion-text fusion-text-13\" style=\"--awb-margin-top:2%;\"><p>El evento se ha alineado con los ODS<\/p>\n<\/div><div class=\"fusion-title title fusion-title-14 sep-underline sep-solid fusion-title-text fusion-title-size-three\" style=\"--awb-text-color:#24226a;\"><h3 class=\"fusion-title-heading title-heading-left fusion-responsive-typography-calculated\" style=\"margin:0;--fontSize:28;line-height:1.1;\">Clima<\/h3><\/div><div class=\"fusion-text fusion-text-14\" style=\"--awb-margin-top:2%;\"><p>Todas las emisiones inevitables se calcular\u00e1n utilizando la calculadora de CO2 de la FIM y se compensar\u00e1n invirtiendo en proyectos internacionales.<\/p>\n<\/div><div class=\"fusion-clearfix\"><\/div><\/div><\/div><\/div><\/div><div class=\"fusion-fullwidth fullwidth-box fusion-builder-row-7 nonhundred-percent-fullwidth non-hundred-percent-height-scrolling\" style=\"--awb-background-position:center top;--awb-border-radius-top-left:0px;--awb-border-radius-top-right:0px;--awb-border-radius-bottom-right:0px;--awb-border-radius-bottom-left:0px;--awb-padding-top:0px;--awb-padding-bottom:0px;--awb-flex-wrap:wrap;\" ><div class=\"fusion-builder-row fusion-row\"><div class=\"fusion-layout-column fusion_builder_column fusion-builder-column-6 fusion_builder_column_1_1 1_1 fusion-one-full fusion-column-first fusion-column-last\" style=\"--awb-bg-size:cover;\"><div class=\"fusion-column-wrapper fusion-column-has-shadow fusion-flex-column-wrapper-legacy\"><div class=\"fusion-title title fusion-title-15 sep-underline sep-solid fusion-title-text fusion-title-size-three\" style=\"--awb-text-color:#24226a;\"><h3 class=\"fusion-title-heading title-heading-left fusion-responsive-typography-calculated\" style=\"margin:0;--fontSize:28;line-height:1.1;\">Inclusi\u00f3n<\/h3><\/div><div class=\"fusion-text fusion-text-15\" style=\"--awb-margin-top:2%;\"><p>Se trata de un evento pensado tambi\u00e9n para la participaci\u00f3n de las mujeres. Adem\u00e1s, algunas zonas del paddock y pruebas particulares tienen acceso para personas con movilidad reducida y estacionamiento especial. Servicios espec\u00edficos para personas con movilidad reducida.<\/p>\n<\/div><div class=\"fusion-clearfix\"><\/div><\/div><\/div><\/div><\/div><div class=\"fusion-fullwidth fullwidth-box fusion-builder-row-8 fusion-flex-container has-pattern-background has-mask-background nonhundred-percent-fullwidth non-hundred-percent-height-scrolling\" style=\"--awb-border-radius-top-left:0px;--awb-border-radius-top-right:0px;--awb-border-radius-bottom-right:0px;--awb-border-radius-bottom-left:0px;--awb-flex-wrap:wrap;\" ><div class=\"fusion-builder-row fusion-row fusion-flex-align-items-flex-start fusion-flex-content-wrap\" style=\"max-width:1248px;margin-left: calc(-4% \/ 2 );margin-right: calc(-4% \/ 2 );\"><div class=\"fusion-layout-column fusion_builder_column fusion-builder-column-7 fusion_builder_column_1_1 1_1 fusion-flex-column\" style=\"--awb-bg-size:cover;--awb-width-large:100%;--awb-margin-top-large:0px;--awb-spacing-right-large:1.92%;--awb-margin-bottom-large:20px;--awb-spacing-left-large:1.92%;--awb-width-medium:100%;--awb-order-medium:0;--awb-spacing-right-medium:1.92%;--awb-spacing-left-medium:1.92%;--awb-width-small:100%;--awb-order-small:0;--awb-spacing-right-small:1.92%;--awb-spacing-left-small:1.92%;\"><div class=\"fusion-column-wrapper fusion-column-has-shadow fusion-flex-justify-content-flex-start fusion-content-layout-column\"><div class=\"fusion-title title fusion-title-16 sep-underline sep-solid fusion-title-text fusion-title-size-one\"><h1 class=\"fusion-title-heading title-heading-left fusion-responsive-typography-calculated\" style=\"margin:0;--fontSize:42;line-height:1;\"><h3 class=\"style-scope ytd-watch-metadata\"><span class=\"style-scope yt-formatted-string\" dir=\"auto\">Riding green during the <\/span><a class=\"yt-simple-endpoint style-scope yt-formatted-string\" dir=\"auto\" spellcheck=\"false\" href=\"https:\/\/www.youtube.com\/hashtag\/6days\">#6DAYS<\/a><\/h3><\/h1><\/div><div class=\"fusion-video fusion-youtube\" style=\"--awb-max-width:600px;--awb-max-height:360px;--awb-align-self:center;--awb-width:100%;\"><div class=\"video-shortcode\"><div class=\"fluid-width-video-wrapper\" style=\"padding-top:60%;\" ><iframe title=\"YouTube video player 1\" src=\"https:\/\/www.youtube.com\/embed\/jW7CcTEoz3Y?wmode=transparent&autoplay=0&oida=1\" width=\"600\" height=\"360\" allowfullscreen allow=\"autoplay; clipboard-write; encrypted-media; gyroscope; picture-in-picture;\"><\/iframe><\/div><\/div><\/div><\/div><\/div><\/div><\/div><\/p>\n","protected":false},"excerpt":{"rendered":"","protected":false},"author":4,"featured_media":0,"parent":0,"menu_order":0,"comment_status":"closed","ping_status":"closed","template":"100-width.php","meta":{"inline_featured_image":false,"footnotes":""},"class_list":["post-46845","page","type-page","status-publish","hentry"],"yoast_head":"<!-- This site is optimized with the Yoast SEO plugin v25.6 - https:\/\/yoast.com\/wordpress\/plugins\/seo\/ -->\n<title>SUSTENTABILIDAD - FIM ISDE 2023<\/title>\n<meta name=\"description\" content=\"Todos los eventos organizados por la FIM tienen normas obligatorias y sanciones por incumplimiento de las normas de protecci\u00f3n medioambiental descritas en el C\u00f3digo Ambiental de la FIM.\" \/>\n<meta name=\"robots\" content=\"index, follow, max-snippet:-1, max-image-preview:large, max-video-preview:-1\" \/>\n<link rel=\"canonical\" href=\"https:\/\/2023.fim-6days.com\/es\/sustentabilidad\/\" \/>\n<meta property=\"og:locale\" content=\"es_ES\" \/>\n<meta property=\"og:type\" content=\"article\" \/>\n<meta property=\"og:title\" content=\"SUSTENTABILIDAD - FIM ISDE 2023\" \/>\n<meta property=\"og:description\" content=\"Todos los eventos organizados por la FIM tienen normas obligatorias y sanciones por incumplimiento de las normas de protecci\u00f3n medioambiental descritas en el C\u00f3digo Ambiental de la FIM.\" \/>\n<meta property=\"og:url\" content=\"https:\/\/2023.fim-6days.com\/es\/sustentabilidad\/\" \/>\n<meta property=\"og:site_name\" content=\"FIM ISDE 2023\" \/>\n<meta property=\"article:publisher\" content=\"https:\/\/www.facebook.com\/FIMISDE\/\" \/>\n<meta property=\"article:modified_time\" content=\"2023-11-09T08:26:52+00:00\" \/>\n<meta name=\"twitter:card\" content=\"summary_large_image\" \/>\n<meta name=\"twitter:site\" content=\"@fimisde\" \/>\n<meta name=\"twitter:label1\" content=\"Tiempo de lectura\" \/>\n\t<meta name=\"twitter:data1\" content=\"21 minutos\" \/>\n<script type=\"application\/ld+json\" class=\"yoast-schema-graph\">{\"@context\":\"https:\/\/schema.org\",\"@graph\":[{\"@type\":\"WebPage\",\"@id\":\"https:\/\/2023.fim-6days.com\/es\/sustentabilidad\/\",\"url\":\"https:\/\/2023.fim-6days.com\/es\/sustentabilidad\/\",\"name\":\"SUSTENTABILIDAD - FIM ISDE 2023\",\"isPartOf\":{\"@id\":\"https:\/\/2023.fim-6days.com\/#website\"},\"datePublished\":\"2023-03-17T08:30:52+00:00\",\"dateModified\":\"2023-11-09T08:26:52+00:00\",\"description\":\"Todos los eventos organizados por la FIM tienen normas obligatorias y sanciones por incumplimiento de las normas de protecci\u00f3n medioambiental descritas en el C\u00f3digo Ambiental de la FIM.\",\"breadcrumb\":{\"@id\":\"https:\/\/2023.fim-6days.com\/es\/sustentabilidad\/#breadcrumb\"},\"inLanguage\":\"es\",\"potentialAction\":[{\"@type\":\"ReadAction\",\"target\":[\"https:\/\/2023.fim-6days.com\/es\/sustentabilidad\/\"]}]},{\"@type\":\"BreadcrumbList\",\"@id\":\"https:\/\/2023.fim-6days.com\/es\/sustentabilidad\/#breadcrumb\",\"itemListElement\":[{\"@type\":\"ListItem\",\"position\":1,\"name\":\"Home\",\"item\":\"https:\/\/2023.fim-6days.com\/es\/\"},{\"@type\":\"ListItem\",\"position\":2,\"name\":\"SUSTENTABILIDAD\"}]},{\"@type\":\"WebSite\",\"@id\":\"https:\/\/2023.fim-6days.com\/#website\",\"url\":\"https:\/\/2023.fim-6days.com\/\",\"name\":\"FIM ISDE 2021\",\"description\":\"FIM ISDE Official website\",\"publisher\":{\"@id\":\"https:\/\/2023.fim-6days.com\/#organization\"},\"potentialAction\":[{\"@type\":\"SearchAction\",\"target\":{\"@type\":\"EntryPoint\",\"urlTemplate\":\"https:\/\/2023.fim-6days.com\/?s={search_term_string}\"},\"query-input\":{\"@type\":\"PropertyValueSpecification\",\"valueRequired\":true,\"valueName\":\"search_term_string\"}}],\"inLanguage\":\"es\"},{\"@type\":\"Organization\",\"@id\":\"https:\/\/2023.fim-6days.com\/#organization\",\"name\":\"FIM - F\u00e9d\u00e9ration Internationale de Motocyclisme\",\"url\":\"https:\/\/2023.fim-6days.com\/\",\"logo\":{\"@type\":\"ImageObject\",\"inLanguage\":\"es\",\"@id\":\"https:\/\/2023.fim-6days.com\/#\/schema\/logo\/image\/\",\"url\":\"https:\/\/2023.fim-6days.com\/wp-content\/uploads\/sites\/8\/2019\/07\/LogoFIM-CMYK.png\",\"contentUrl\":\"https:\/\/2023.fim-6days.com\/wp-content\/uploads\/sites\/8\/2019\/07\/LogoFIM-CMYK.png\",\"width\":2608,\"height\":1833,\"caption\":\"FIM - F\u00e9d\u00e9ration Internationale de Motocyclisme\"},\"image\":{\"@id\":\"https:\/\/2023.fim-6days.com\/#\/schema\/logo\/image\/\"},\"sameAs\":[\"https:\/\/www.facebook.com\/FIMISDE\/\",\"https:\/\/x.com\/fimisde\",\"https:\/\/www.instagram.com\/fim_isde\/\"]}]}<\/script>\n<!-- \/ Yoast SEO plugin. -->","yoast_head_json":{"title":"SUSTENTABILIDAD - FIM ISDE 2023","description":"Todos los eventos organizados por la FIM tienen normas obligatorias y sanciones por incumplimiento de las normas de protecci\u00f3n medioambiental descritas en el C\u00f3digo Ambiental de la FIM.","robots":{"index":"index","follow":"follow","max-snippet":"max-snippet:-1","max-image-preview":"max-image-preview:large","max-video-preview":"max-video-preview:-1"},"canonical":"https:\/\/2023.fim-6days.com\/es\/sustentabilidad\/","og_locale":"es_ES","og_type":"article","og_title":"SUSTENTABILIDAD - FIM ISDE 2023","og_description":"Todos los eventos organizados por la FIM tienen normas obligatorias y sanciones por incumplimiento de las normas de protecci\u00f3n medioambiental descritas en el C\u00f3digo Ambiental de la FIM.","og_url":"https:\/\/2023.fim-6days.com\/es\/sustentabilidad\/","og_site_name":"FIM ISDE 2023","article_publisher":"https:\/\/www.facebook.com\/FIMISDE\/","article_modified_time":"2023-11-09T08:26:52+00:00","twitter_card":"summary_large_image","twitter_site":"@fimisde","twitter_misc":{"Tiempo de lectura":"21 minutos"},"schema":{"@context":"https:\/\/schema.org","@graph":[{"@type":"WebPage","@id":"https:\/\/2023.fim-6days.com\/es\/sustentabilidad\/","url":"https:\/\/2023.fim-6days.com\/es\/sustentabilidad\/","name":"SUSTENTABILIDAD - FIM ISDE 2023","isPartOf":{"@id":"https:\/\/2023.fim-6days.com\/#website"},"datePublished":"2023-03-17T08:30:52+00:00","dateModified":"2023-11-09T08:26:52+00:00","description":"Todos los eventos organizados por la FIM tienen normas obligatorias y sanciones por incumplimiento de las normas de protecci\u00f3n medioambiental descritas en el C\u00f3digo Ambiental de la FIM.","breadcrumb":{"@id":"https:\/\/2023.fim-6days.com\/es\/sustentabilidad\/#breadcrumb"},"inLanguage":"es","potentialAction":[{"@type":"ReadAction","target":["https:\/\/2023.fim-6days.com\/es\/sustentabilidad\/"]}]},{"@type":"BreadcrumbList","@id":"https:\/\/2023.fim-6days.com\/es\/sustentabilidad\/#breadcrumb","itemListElement":[{"@type":"ListItem","position":1,"name":"Home","item":"https:\/\/2023.fim-6days.com\/es\/"},{"@type":"ListItem","position":2,"name":"SUSTENTABILIDAD"}]},{"@type":"WebSite","@id":"https:\/\/2023.fim-6days.com\/#website","url":"https:\/\/2023.fim-6days.com\/","name":"FIM ISDE 2021","description":"FIM ISDE Official website","publisher":{"@id":"https:\/\/2023.fim-6days.com\/#organization"},"potentialAction":[{"@type":"SearchAction","target":{"@type":"EntryPoint","urlTemplate":"https:\/\/2023.fim-6days.com\/?s={search_term_string}"},"query-input":{"@type":"PropertyValueSpecification","valueRequired":true,"valueName":"search_term_string"}}],"inLanguage":"es"},{"@type":"Organization","@id":"https:\/\/2023.fim-6days.com\/#organization","name":"FIM - F\u00e9d\u00e9ration Internationale de Motocyclisme","url":"https:\/\/2023.fim-6days.com\/","logo":{"@type":"ImageObject","inLanguage":"es","@id":"https:\/\/2023.fim-6days.com\/#\/schema\/logo\/image\/","url":"https:\/\/2023.fim-6days.com\/wp-content\/uploads\/sites\/8\/2019\/07\/LogoFIM-CMYK.png","contentUrl":"https:\/\/2023.fim-6days.com\/wp-content\/uploads\/sites\/8\/2019\/07\/LogoFIM-CMYK.png","width":2608,"height":1833,"caption":"FIM - F\u00e9d\u00e9ration Internationale de Motocyclisme"},"image":{"@id":"https:\/\/2023.fim-6days.com\/#\/schema\/logo\/image\/"},"sameAs":["https:\/\/www.facebook.com\/FIMISDE\/","https:\/\/x.com\/fimisde","https:\/\/www.instagram.com\/fim_isde\/"]}]}},"_links":{"self":[{"href":"https:\/\/2023.fim-6days.com\/es\/wp-json\/wp\/v2\/pages\/46845","targetHints":{"allow":["GET"]}}],"collection":[{"href":"https:\/\/2023.fim-6days.com\/es\/wp-json\/wp\/v2\/pages"}],"about":[{"href":"https:\/\/2023.fim-6days.com\/es\/wp-json\/wp\/v2\/types\/page"}],"author":[{"embeddable":true,"href":"https:\/\/2023.fim-6days.com\/es\/wp-json\/wp\/v2\/users\/4"}],"replies":[{"embeddable":true,"href":"https:\/\/2023.fim-6days.com\/es\/wp-json\/wp\/v2\/comments?post=46845"}],"version-history":[{"count":6,"href":"https:\/\/2023.fim-6days.com\/es\/wp-json\/wp\/v2\/pages\/46845\/revisions"}],"predecessor-version":[{"id":48842,"href":"https:\/\/2023.fim-6days.com\/es\/wp-json\/wp\/v2\/pages\/46845\/revisions\/48842"}],"wp:attachment":[{"href":"https:\/\/2023.fim-6days.com\/es\/wp-json\/wp\/v2\/media?parent=46845"}],"curies":[{"name":"wp","href":"https:\/\/api.w.org\/{rel}","templated":true}]}}