{"id":46827,"date":"2023-02-28T11:20:08","date_gmt":"2023-02-28T10:20:08","guid":{"rendered":"https:\/\/2023.fim-6days.com\/atractivos-turisticos\/"},"modified":"2023-02-28T11:26:07","modified_gmt":"2023-02-28T10:26:07","slug":"atractivos-turisticos","status":"publish","type":"page","link":"https:\/\/2023.fim-6days.com\/es\/atractivos-turisticos\/","title":{"rendered":"Atractivos Tur\u00edsticos"},"content":{"rendered":"<div class=\"fusion-fullwidth fullwidth-box fusion-builder-row-1 nonhundred-percent-fullwidth non-hundred-percent-height-scrolling\" style=\"--awb-background-position:center top;--awb-border-radius-top-left:0px;--awb-border-radius-top-right:0px;--awb-border-radius-bottom-right:0px;--awb-border-radius-bottom-left:0px;--awb-padding-top:10%;--awb-padding-bottom:1%;--awb-flex-wrap:wrap;\" ><div class=\"fusion-builder-row fusion-row\"><div class=\"fusion-layout-column fusion_builder_column fusion-builder-column-0 fusion_builder_column_1_1 1_1 fusion-one-full fusion-column-first fusion-column-last\" style=\"--awb-bg-size:cover;\"><div class=\"fusion-column-wrapper fusion-column-has-shadow fusion-flex-column-wrapper-legacy\"><div class=\"fusion-title title fusion-title-1 sep-underline sep-solid fusion-title-text fusion-title-size-one\" style=\"--awb-text-color:#24226a;\"><h1 class=\"fusion-title-heading title-heading-left fusion-responsive-typography-calculated\" style=\"margin:0;--fontSize:42;line-height:1;\"><strong>LOS ATRACTIVOS TUR\u00cdSTICOS QUE NO THE POD\u00c9S PERDER<\/strong><\/h1><\/div><div class=\"fusion-builder-row fusion-builder-row-inner fusion-row\"><div class=\"fusion-layout-column fusion_builder_column_inner fusion-builder-nested-column-0 fusion_builder_column_inner_1_1 1_1 fusion-one-full fusion-column-first fusion-column-last\" style=\"--awb-bg-size:cover;\"><div class=\"fusion-column-wrapper fusion-column-has-shadow fusion-flex-column-wrapper-legacy\"><div class=\"fusion-title title fusion-title-2 sep-underline sep-solid fusion-title-text fusion-title-size-one\" style=\"--awb-text-color:#24226a;\"><h1 class=\"fusion-title-heading title-heading-left fusion-responsive-typography-calculated\" style=\"margin:0;--fontSize:42;line-height:1;\"><h3>CIUDAD DE SAN JUAN<\/h3><\/h1><\/div><div class=\"fusion-image-element fusion-image-align-center in-legacy-container\" style=\"text-align:center;--awb-margin-bottom:3%;--awb-caption-title-font-family:var(--h2_typography-font-family);--awb-caption-title-font-weight:var(--h2_typography-font-weight);--awb-caption-title-font-style:var(--h2_typography-font-style);--awb-caption-title-size:var(--h2_typography-font-size);--awb-caption-title-transform:var(--h2_typography-text-transform);--awb-caption-title-line-height:var(--h2_typography-line-height);--awb-caption-title-letter-spacing:var(--h2_typography-letter-spacing);\"><div class=\"imageframe-align-center\"><span class=\" fusion-imageframe imageframe-none imageframe-1 hover-type-none\"><img decoding=\"async\" width=\"600\" height=\"366\" alt=\"Teatro del Bicentenario (\" title=\"Teatro del Bicentenario- foto Adri\u00e1n Carrizo (13)\" src=\"https:\/\/2023.fim-6days.com\/wp-content\/uploads\/sites\/8\/2023\/02\/Teatro-del-Bicentenario-foto-Adrian-Carrizo-13-600x366.jpg\" class=\"img-responsive wp-image-46735\" srcset=\"https:\/\/2023.fim-6days.com\/wp-content\/uploads\/sites\/8\/2023\/02\/Teatro-del-Bicentenario-foto-Adrian-Carrizo-13-200x122.jpg 200w, https:\/\/2023.fim-6days.com\/wp-content\/uploads\/sites\/8\/2023\/02\/Teatro-del-Bicentenario-foto-Adrian-Carrizo-13-400x244.jpg 400w, https:\/\/2023.fim-6days.com\/wp-content\/uploads\/sites\/8\/2023\/02\/Teatro-del-Bicentenario-foto-Adrian-Carrizo-13-600x366.jpg 600w, https:\/\/2023.fim-6days.com\/wp-content\/uploads\/sites\/8\/2023\/02\/Teatro-del-Bicentenario-foto-Adrian-Carrizo-13-800x487.jpg 800w, https:\/\/2023.fim-6days.com\/wp-content\/uploads\/sites\/8\/2023\/02\/Teatro-del-Bicentenario-foto-Adrian-Carrizo-13-1200x731.jpg 1200w\" sizes=\"(max-width: 900px) 100vw, 600px\" \/><\/span><\/div><\/div><div class=\"fusion-text fusion-text-1\"><p>Decorada por el paisaje de la precordillera y a una altura de 650 metros sobre el nivel del mar, la ciudad de San Juan se trata de un sitio que emergi\u00f3 de las ruinas.<\/p>\n<p>El 15 de enero de 1944 se produjo un terremoto que ocasion\u00f3 la destrucci\u00f3n de pr\u00e1cticamente la totalidad de la ciudad. Actualmente, la bella capital provincial cuenta con circuitos que permitan admirar la fusi\u00f3n entre la arquitectura moderna y la arquitectura colonial que qued\u00f3 en pie despu\u00e9s de aquel sismo.<\/p>\n<p>Los trazados y edificios modernos, las grandes avenidas y construcciones que priorizan la seguridad s\u00edsmica se mezclan, a la vez, con edificios emblem\u00e1ticos como la Casa Natal de Domingo Faustino Sarmiento (Presidente de la Rep\u00fablica Argentina entre 1868 y 1874, con un profundo lazo por la educaci\u00f3n p\u00fablica), construida en 1811 y que fue el primer edificio declarado Monumento Hist\u00f3rico Nacional (en 1910).<\/p>\n<p>La ciudad de San Juan invita a una visita inolvidable con actividades que estimulan todos los sentidos.<\/p>\n<\/div><div class=\"fusion-clearfix\"><\/div><\/div><\/div><\/div><div class=\"fusion-builder-row fusion-builder-row-inner fusion-row\"><div class=\"fusion-layout-column fusion_builder_column_inner fusion-builder-nested-column-1 fusion_builder_column_inner_1_1 1_1 fusion-one-full fusion-column-first fusion-column-last\" style=\"--awb-bg-size:cover;\"><div class=\"fusion-column-wrapper fusion-column-has-shadow fusion-flex-column-wrapper-legacy\"><div class=\"fusion-title title fusion-title-3 sep-underline sep-solid fusion-title-text fusion-title-size-one\" style=\"--awb-text-color:#24226a;\"><h1 class=\"fusion-title-heading title-heading-left fusion-responsive-typography-calculated\" style=\"margin:0;--fontSize:42;line-height:1;\"><h3>LA ROUTA DEL VINO<\/h3><\/h1><\/div><div class=\"fusion-image-element fusion-image-align-center in-legacy-container\" style=\"text-align:center;--awb-margin-bottom:3%;--awb-caption-title-font-family:var(--h2_typography-font-family);--awb-caption-title-font-weight:var(--h2_typography-font-weight);--awb-caption-title-font-style:var(--h2_typography-font-style);--awb-caption-title-size:var(--h2_typography-font-size);--awb-caption-title-transform:var(--h2_typography-text-transform);--awb-caption-title-line-height:var(--h2_typography-line-height);--awb-caption-title-letter-spacing:var(--h2_typography-letter-spacing);\"><div class=\"imageframe-align-center\"><span class=\" fusion-imageframe imageframe-none imageframe-2 hover-type-none\"><img decoding=\"async\" width=\"600\" height=\"400\" alt=\"Vinedos de Pocito\" title=\"VinedosdePocito\" src=\"https:\/\/2023.fim-6days.com\/wp-content\/uploads\/sites\/8\/2023\/02\/VinedosdePocito-600x400.jpg\" class=\"img-responsive wp-image-46738\" srcset=\"https:\/\/2023.fim-6days.com\/wp-content\/uploads\/sites\/8\/2023\/02\/VinedosdePocito-200x133.jpg 200w, https:\/\/2023.fim-6days.com\/wp-content\/uploads\/sites\/8\/2023\/02\/VinedosdePocito-400x266.jpg 400w, https:\/\/2023.fim-6days.com\/wp-content\/uploads\/sites\/8\/2023\/02\/VinedosdePocito-600x400.jpg 600w, https:\/\/2023.fim-6days.com\/wp-content\/uploads\/sites\/8\/2023\/02\/VinedosdePocito-800x533.jpg 800w, https:\/\/2023.fim-6days.com\/wp-content\/uploads\/sites\/8\/2023\/02\/VinedosdePocito.jpg 1000w\" sizes=\"(max-width: 900px) 100vw, 600px\" \/><\/span><\/div><\/div><div class=\"fusion-text fusion-text-2\"><p>San Juan tiene una larga tradici\u00f3n vi\u00f1atera que se debe a la llegada de inmigrantes espa\u00f1oles e italianos. Sobre el \u00e1rido suelo sanjuanino y bajo un sol inclemente, el trabajo y el tes\u00f3n de los vi\u00f1ateros produjo f\u00e9rtiles vi\u00f1edos organizados al estilo de los parrales espa\u00f1oles. En la provincia donde reina el viento Zonda, la oferta enotur\u00edstica incita a recorrer tradicionales vi\u00f1edos, antiguas y modernas bodegas, degustar deliciosos vinos y espumantes nacidos en los Valles Sanjuaninos.<\/p>\n<p>Las bodegas que integran la Ruta del Vino sanjuanino se ubican en los alrededores de la capital provincial, donde se observan establecimientos vitivin\u00edcolas tradicionales y otros de vanguardia. Tambi\u00e9n hay bodegas -y vi\u00f1edos- en un marco natural de inquietante belleza, donde los emprendimientos son de tipo boutique. Un recorrido guiado permite apreciar una producci\u00f3n que combina procesos artesanales y tecnolog\u00eda de avanzada. Hacia el sur de la ciudad de San Juan, una zona de excepcional fertilidad alberga a firmas productoras de vinos y espumantes org\u00e1nicos.<\/p>\n<\/div><div class=\"fusion-title title fusion-title-4 sep-underline sep-solid fusion-title-text fusion-title-size-one\" style=\"--awb-text-color:#24226a;\"><h1 class=\"fusion-title-heading title-heading-left fusion-responsive-typography-calculated\" style=\"margin:0;--fontSize:42;line-height:1;\"><h3>COMIDAS Y SABORES<\/h3><\/h1><\/div><div class=\"fusion-text fusion-text-3\"><p>Los visitantes pueden disfrutar de un corte de carne vacuna caracter\u00edstico de la provincia: la \u201cPunta de Espalda\u201d, cuya cocci\u00f3n puede realizarse a las llamas, al disco, a las brasas, al horno de barro u horno de gas.<\/p>\n<p>San Juan cuenta con exquisitos productos gastron\u00f3micos entre los que se destacan las empanadas criollas, chivo a la llama, humita a la olla o en chala, locro, tomatic\u00e1n, brusquetas de tomate desecado rehidratado con aceite de oliva, dulce de alcayota con nueces, dulce de membrillo rubio y queso, mel\u00f3n, entre muchos sabores m\u00e1s.<\/p>\n<\/div><div class=\"fusion-clearfix\"><\/div><\/div><\/div><\/div><div class=\"fusion-builder-row fusion-builder-row-inner fusion-row\"><div class=\"fusion-layout-column fusion_builder_column_inner fusion-builder-nested-column-2 fusion_builder_column_inner_1_1 1_1 fusion-one-full fusion-column-first fusion-column-last\" style=\"--awb-bg-size:cover;\"><div class=\"fusion-column-wrapper fusion-column-has-shadow fusion-flex-column-wrapper-legacy\"><div class=\"fusion-title title fusion-title-5 sep-underline sep-solid fusion-title-text fusion-title-size-one\" style=\"--awb-text-color:#24226a;\"><h1 class=\"fusion-title-heading title-heading-left fusion-responsive-typography-calculated\" style=\"margin:0;--fontSize:42;line-height:1;\"><h3>EL PARQUE NATURAL PROVINCIAL ISCHIGUALASTO: PATRIMONION DE LA HUMANIDAD<\/h3><\/h1><\/div><div class=\"fusion-image-element fusion-image-align-center in-legacy-container\" style=\"text-align:center;--awb-margin-bottom:3%;--awb-caption-title-font-family:var(--h2_typography-font-family);--awb-caption-title-font-weight:var(--h2_typography-font-weight);--awb-caption-title-font-style:var(--h2_typography-font-style);--awb-caption-title-size:var(--h2_typography-font-size);--awb-caption-title-transform:var(--h2_typography-text-transform);--awb-caption-title-line-height:var(--h2_typography-line-height);--awb-caption-title-letter-spacing:var(--h2_typography-letter-spacing);\"><div class=\"imageframe-align-center\"><span class=\" fusion-imageframe imageframe-none imageframe-3 hover-type-none\"><img decoding=\"async\" width=\"600\" height=\"450\" alt=\"Hongo en Ischigualasto Valle Fertil\" title=\"A 8837\" src=\"https:\/\/2023.fim-6days.com\/wp-content\/uploads\/sites\/8\/2023\/02\/Hongo-en-Ischigualasto-Valle-Fertil-600x450.jpg\" class=\"img-responsive wp-image-46741\" srcset=\"https:\/\/2023.fim-6days.com\/wp-content\/uploads\/sites\/8\/2023\/02\/Hongo-en-Ischigualasto-Valle-Fertil-200x150.jpg 200w, https:\/\/2023.fim-6days.com\/wp-content\/uploads\/sites\/8\/2023\/02\/Hongo-en-Ischigualasto-Valle-Fertil-400x300.jpg 400w, https:\/\/2023.fim-6days.com\/wp-content\/uploads\/sites\/8\/2023\/02\/Hongo-en-Ischigualasto-Valle-Fertil-600x450.jpg 600w, https:\/\/2023.fim-6days.com\/wp-content\/uploads\/sites\/8\/2023\/02\/Hongo-en-Ischigualasto-Valle-Fertil-800x600.jpg 800w, https:\/\/2023.fim-6days.com\/wp-content\/uploads\/sites\/8\/2023\/02\/Hongo-en-Ischigualasto-Valle-Fertil-1200x900.jpg 1200w\" sizes=\"(max-width: 900px) 100vw, 600px\" \/><\/span><\/div><\/div><div class=\"fusion-text fusion-text-4\"><p>El Parque Natural Provincial Ischigualasto se encuentra en el noreste de la provincia de San Juan, a 330 km de la ciudad capital, en los departamentos de Valle F\u00e9rtil y J\u00e1chal.<\/p>\n<p>Popularmente conocido como \u201cValle de la Luna\u201d, este fascinantemente extra\u00f1o lugar del mundo ocupa unas 62 mil hect\u00e1reas y ha sido declarado por UNESCO como Patrimonio de la Humanidad desde el 30 de noviembre del 2000.<\/p>\n<p>Su importancia radica en el valor cient\u00edfico de los hallazgos paleontol\u00f3gicos realizados en el lugar, donde se encuentra una secuencia pr\u00e1cticamente completa del Per\u00edodo Tri\u00e1sico (superior &#8211; medio e inferior) de la Era Mesozoica. Recorrer Ischigualasto significa posar los pies sobre los mismos caminos que hace 180 millones de a\u00f1os recorrieron los dinosaurios. El suelo de aspecto lunar y las particulares geoformas esculpidas por el agua, el sol y el viento sobre las rocas a lo largo de millones de a\u00f1os, hacen de \u00e9ste un sitio de otro planeta. Visitarlo permite espiar la evoluci\u00f3n de la Tierra.<\/p>\n<p>La peque\u00f1a porci\u00f3n del Parque accesible para el turismo ofrece a los visitantes diversos circuitos donde es posible conocer las geoformas m\u00e1s famosas de este sitio como lo son el Hongo, el Submarino, Cancha de Bochas y Valle Pintado. Asimismo, tambi\u00e9n es posible observar f\u00f3siles reales. Las excursiones con luna llena son un paseo imperdible.<\/p>\n<p>M\u00e1s info: <a href=\"http:\/\/www.ischigualasto.gob.ar\" target=\"_blank\" rel=\"noopener\">www.ischigualasto.gob.ar<\/a><\/p>\n<\/div><div class=\"fusion-clearfix\"><\/div><\/div><\/div><\/div><div class=\"fusion-builder-row fusion-builder-row-inner fusion-row\"><div class=\"fusion-layout-column fusion_builder_column_inner fusion-builder-nested-column-3 fusion_builder_column_inner_1_1 1_1 fusion-one-full fusion-column-first fusion-column-last\" style=\"--awb-bg-size:cover;\"><div class=\"fusion-column-wrapper fusion-column-has-shadow fusion-flex-column-wrapper-legacy\"><div class=\"fusion-title title fusion-title-6 sep-underline sep-solid fusion-title-text fusion-title-size-one\" style=\"--awb-text-color:#24226a;\"><h1 class=\"fusion-title-heading title-heading-left fusion-responsive-typography-calculated\" style=\"margin:0;--fontSize:42;line-height:1;\"><h3>FIESTA NACIONAL DEL SOL<\/h3><\/h1><\/div><div class=\"fusion-image-element fusion-image-align-center in-legacy-container\" style=\"text-align:center;--awb-margin-bottom:3%;--awb-caption-title-font-family:var(--h2_typography-font-family);--awb-caption-title-font-weight:var(--h2_typography-font-weight);--awb-caption-title-font-style:var(--h2_typography-font-style);--awb-caption-title-size:var(--h2_typography-font-size);--awb-caption-title-transform:var(--h2_typography-text-transform);--awb-caption-title-line-height:var(--h2_typography-line-height);--awb-caption-title-letter-spacing:var(--h2_typography-letter-spacing);\"><div class=\"imageframe-align-center\"><span class=\" fusion-imageframe imageframe-none imageframe-4 hover-type-none\"><img decoding=\"async\" width=\"600\" height=\"400\" alt=\"Fiesta Nacional del Sol\" title=\"FiestaNacionaldelSol-2\" src=\"https:\/\/2023.fim-6days.com\/wp-content\/uploads\/sites\/8\/2023\/02\/FiestaNacionaldelSol-2-600x400.jpg\" class=\"img-responsive wp-image-46744\" srcset=\"https:\/\/2023.fim-6days.com\/wp-content\/uploads\/sites\/8\/2023\/02\/FiestaNacionaldelSol-2-200x133.jpg 200w, https:\/\/2023.fim-6days.com\/wp-content\/uploads\/sites\/8\/2023\/02\/FiestaNacionaldelSol-2-400x267.jpg 400w, https:\/\/2023.fim-6days.com\/wp-content\/uploads\/sites\/8\/2023\/02\/FiestaNacionaldelSol-2-600x400.jpg 600w, https:\/\/2023.fim-6days.com\/wp-content\/uploads\/sites\/8\/2023\/02\/FiestaNacionaldelSol-2-800x534.jpg 800w, https:\/\/2023.fim-6days.com\/wp-content\/uploads\/sites\/8\/2023\/02\/FiestaNacionaldelSol-2.jpg 1000w\" sizes=\"(max-width: 900px) 100vw, 600px\" \/><\/span><\/div><\/div><div class=\"fusion-text fusion-text-5\"><p>La fiesta rinde tributo al astro con el que se asocia a esta maravillosa tierra cuyana. Se celebra cada a\u00f1o en el mes de febrero y est\u00e1 especialmente ligada a la identidad e idiosincrasia sanjuanina.<\/p>\n<p>Durante 5 noches, la Fiesta Nacional del Sol despliega todo su atractivo en m\u00faltiples espacios con la Feria Tem\u00e1tica que exhibe lo mejor de la provincia, con una variada oferta gastron\u00f3mica y shows de artistas locales, nacionales e internacionales; el Carrusel del Sol con su desfile de carruajes que representa a cada municipio de San Juan y el Espect\u00e1culo Final que consiste en un impactante espect\u00e1culo de luz y sonido.<\/p>\n<\/div><div class=\"fusion-clearfix\"><\/div><\/div><\/div><\/div><div class=\"fusion-clearfix\"><\/div><\/div><\/div><\/div><\/div>\n","protected":false},"excerpt":{"rendered":"","protected":false},"author":4,"featured_media":0,"parent":0,"menu_order":0,"comment_status":"closed","ping_status":"closed","template":"100-width.php","meta":{"inline_featured_image":false,"footnotes":""},"class_list":["post-46827","page","type-page","status-publish","hentry"],"yoast_head":"<!-- This site is optimized with the Yoast SEO plugin v25.6 - https:\/\/yoast.com\/wordpress\/plugins\/seo\/ -->\n<title>Atractivos Tur\u00edsticos - FIM ISDE 2023<\/title>\n<meta name=\"description\" content=\"Decorada por el paisaje de la precordillera y a una altura de 650 metros sobre el nivel del mar, la ciudad de San Juan se trata de un sitio que emergi\u00f3 de las ruinas.\" \/>\n<meta name=\"robots\" content=\"index, follow, max-snippet:-1, max-image-preview:large, max-video-preview:-1\" \/>\n<link rel=\"canonical\" href=\"https:\/\/2023.fim-6days.com\/es\/atractivos-turisticos\/\" \/>\n<meta property=\"og:locale\" content=\"es_ES\" \/>\n<meta property=\"og:type\" content=\"article\" \/>\n<meta property=\"og:title\" content=\"Atractivos Tur\u00edsticos - FIM ISDE 2023\" \/>\n<meta property=\"og:description\" content=\"Decorada por el paisaje de la precordillera y a una altura de 650 metros sobre el nivel del mar, la ciudad de San Juan se trata de un sitio que emergi\u00f3 de las ruinas.\" \/>\n<meta property=\"og:url\" content=\"https:\/\/2023.fim-6days.com\/es\/atractivos-turisticos\/\" \/>\n<meta property=\"og:site_name\" content=\"FIM ISDE 2023\" \/>\n<meta property=\"article:publisher\" content=\"https:\/\/www.facebook.com\/FIMISDE\/\" \/>\n<meta property=\"article:modified_time\" content=\"2023-02-28T10:26:07+00:00\" \/>\n<meta name=\"twitter:card\" content=\"summary_large_image\" \/>\n<meta name=\"twitter:site\" content=\"@fimisde\" \/>\n<meta name=\"twitter:label1\" content=\"Tiempo de lectura\" \/>\n\t<meta name=\"twitter:data1\" content=\"11 minutos\" \/>\n<script type=\"application\/ld+json\" class=\"yoast-schema-graph\">{\"@context\":\"https:\/\/schema.org\",\"@graph\":[{\"@type\":\"WebPage\",\"@id\":\"https:\/\/2023.fim-6days.com\/es\/atractivos-turisticos\/\",\"url\":\"https:\/\/2023.fim-6days.com\/es\/atractivos-turisticos\/\",\"name\":\"Atractivos Tur\u00edsticos - FIM ISDE 2023\",\"isPartOf\":{\"@id\":\"https:\/\/2023.fim-6days.com\/#website\"},\"datePublished\":\"2023-02-28T10:20:08+00:00\",\"dateModified\":\"2023-02-28T10:26:07+00:00\",\"description\":\"Decorada por el paisaje de la precordillera y a una altura de 650 metros sobre el nivel del mar, la ciudad de San Juan se trata de un sitio que emergi\u00f3 de las ruinas.\",\"breadcrumb\":{\"@id\":\"https:\/\/2023.fim-6days.com\/es\/atractivos-turisticos\/#breadcrumb\"},\"inLanguage\":\"es\",\"potentialAction\":[{\"@type\":\"ReadAction\",\"target\":[\"https:\/\/2023.fim-6days.com\/es\/atractivos-turisticos\/\"]}]},{\"@type\":\"BreadcrumbList\",\"@id\":\"https:\/\/2023.fim-6days.com\/es\/atractivos-turisticos\/#breadcrumb\",\"itemListElement\":[{\"@type\":\"ListItem\",\"position\":1,\"name\":\"Home\",\"item\":\"https:\/\/2023.fim-6days.com\/es\/\"},{\"@type\":\"ListItem\",\"position\":2,\"name\":\"Atractivos Tur\u00edsticos\"}]},{\"@type\":\"WebSite\",\"@id\":\"https:\/\/2023.fim-6days.com\/#website\",\"url\":\"https:\/\/2023.fim-6days.com\/\",\"name\":\"FIM ISDE 2021\",\"description\":\"FIM ISDE Official website\",\"publisher\":{\"@id\":\"https:\/\/2023.fim-6days.com\/#organization\"},\"potentialAction\":[{\"@type\":\"SearchAction\",\"target\":{\"@type\":\"EntryPoint\",\"urlTemplate\":\"https:\/\/2023.fim-6days.com\/?s={search_term_string}\"},\"query-input\":{\"@type\":\"PropertyValueSpecification\",\"valueRequired\":true,\"valueName\":\"search_term_string\"}}],\"inLanguage\":\"es\"},{\"@type\":\"Organization\",\"@id\":\"https:\/\/2023.fim-6days.com\/#organization\",\"name\":\"FIM - F\u00e9d\u00e9ration Internationale de Motocyclisme\",\"url\":\"https:\/\/2023.fim-6days.com\/\",\"logo\":{\"@type\":\"ImageObject\",\"inLanguage\":\"es\",\"@id\":\"https:\/\/2023.fim-6days.com\/#\/schema\/logo\/image\/\",\"url\":\"https:\/\/2023.fim-6days.com\/wp-content\/uploads\/sites\/8\/2019\/07\/LogoFIM-CMYK.png\",\"contentUrl\":\"https:\/\/2023.fim-6days.com\/wp-content\/uploads\/sites\/8\/2019\/07\/LogoFIM-CMYK.png\",\"width\":2608,\"height\":1833,\"caption\":\"FIM - F\u00e9d\u00e9ration Internationale de Motocyclisme\"},\"image\":{\"@id\":\"https:\/\/2023.fim-6days.com\/#\/schema\/logo\/image\/\"},\"sameAs\":[\"https:\/\/www.facebook.com\/FIMISDE\/\",\"https:\/\/x.com\/fimisde\",\"https:\/\/www.instagram.com\/fim_isde\/\"]}]}<\/script>\n<!-- \/ Yoast SEO plugin. -->","yoast_head_json":{"title":"Atractivos Tur\u00edsticos - FIM ISDE 2023","description":"Decorada por el paisaje de la precordillera y a una altura de 650 metros sobre el nivel del mar, la ciudad de San Juan se trata de un sitio que emergi\u00f3 de las ruinas.","robots":{"index":"index","follow":"follow","max-snippet":"max-snippet:-1","max-image-preview":"max-image-preview:large","max-video-preview":"max-video-preview:-1"},"canonical":"https:\/\/2023.fim-6days.com\/es\/atractivos-turisticos\/","og_locale":"es_ES","og_type":"article","og_title":"Atractivos Tur\u00edsticos - FIM ISDE 2023","og_description":"Decorada por el paisaje de la precordillera y a una altura de 650 metros sobre el nivel del mar, la ciudad de San Juan se trata de un sitio que emergi\u00f3 de las ruinas.","og_url":"https:\/\/2023.fim-6days.com\/es\/atractivos-turisticos\/","og_site_name":"FIM ISDE 2023","article_publisher":"https:\/\/www.facebook.com\/FIMISDE\/","article_modified_time":"2023-02-28T10:26:07+00:00","twitter_card":"summary_large_image","twitter_site":"@fimisde","twitter_misc":{"Tiempo de lectura":"11 minutos"},"schema":{"@context":"https:\/\/schema.org","@graph":[{"@type":"WebPage","@id":"https:\/\/2023.fim-6days.com\/es\/atractivos-turisticos\/","url":"https:\/\/2023.fim-6days.com\/es\/atractivos-turisticos\/","name":"Atractivos Tur\u00edsticos - FIM ISDE 2023","isPartOf":{"@id":"https:\/\/2023.fim-6days.com\/#website"},"datePublished":"2023-02-28T10:20:08+00:00","dateModified":"2023-02-28T10:26:07+00:00","description":"Decorada por el paisaje de la precordillera y a una altura de 650 metros sobre el nivel del mar, la ciudad de San Juan se trata de un sitio que emergi\u00f3 de las ruinas.","breadcrumb":{"@id":"https:\/\/2023.fim-6days.com\/es\/atractivos-turisticos\/#breadcrumb"},"inLanguage":"es","potentialAction":[{"@type":"ReadAction","target":["https:\/\/2023.fim-6days.com\/es\/atractivos-turisticos\/"]}]},{"@type":"BreadcrumbList","@id":"https:\/\/2023.fim-6days.com\/es\/atractivos-turisticos\/#breadcrumb","itemListElement":[{"@type":"ListItem","position":1,"name":"Home","item":"https:\/\/2023.fim-6days.com\/es\/"},{"@type":"ListItem","position":2,"name":"Atractivos Tur\u00edsticos"}]},{"@type":"WebSite","@id":"https:\/\/2023.fim-6days.com\/#website","url":"https:\/\/2023.fim-6days.com\/","name":"FIM ISDE 2021","description":"FIM ISDE Official website","publisher":{"@id":"https:\/\/2023.fim-6days.com\/#organization"},"potentialAction":[{"@type":"SearchAction","target":{"@type":"EntryPoint","urlTemplate":"https:\/\/2023.fim-6days.com\/?s={search_term_string}"},"query-input":{"@type":"PropertyValueSpecification","valueRequired":true,"valueName":"search_term_string"}}],"inLanguage":"es"},{"@type":"Organization","@id":"https:\/\/2023.fim-6days.com\/#organization","name":"FIM - F\u00e9d\u00e9ration Internationale de Motocyclisme","url":"https:\/\/2023.fim-6days.com\/","logo":{"@type":"ImageObject","inLanguage":"es","@id":"https:\/\/2023.fim-6days.com\/#\/schema\/logo\/image\/","url":"https:\/\/2023.fim-6days.com\/wp-content\/uploads\/sites\/8\/2019\/07\/LogoFIM-CMYK.png","contentUrl":"https:\/\/2023.fim-6days.com\/wp-content\/uploads\/sites\/8\/2019\/07\/LogoFIM-CMYK.png","width":2608,"height":1833,"caption":"FIM - F\u00e9d\u00e9ration Internationale de Motocyclisme"},"image":{"@id":"https:\/\/2023.fim-6days.com\/#\/schema\/logo\/image\/"},"sameAs":["https:\/\/www.facebook.com\/FIMISDE\/","https:\/\/x.com\/fimisde","https:\/\/www.instagram.com\/fim_isde\/"]}]}},"_links":{"self":[{"href":"https:\/\/2023.fim-6days.com\/es\/wp-json\/wp\/v2\/pages\/46827","targetHints":{"allow":["GET"]}}],"collection":[{"href":"https:\/\/2023.fim-6days.com\/es\/wp-json\/wp\/v2\/pages"}],"about":[{"href":"https:\/\/2023.fim-6days.com\/es\/wp-json\/wp\/v2\/types\/page"}],"author":[{"embeddable":true,"href":"https:\/\/2023.fim-6days.com\/es\/wp-json\/wp\/v2\/users\/4"}],"replies":[{"embeddable":true,"href":"https:\/\/2023.fim-6days.com\/es\/wp-json\/wp\/v2\/comments?post=46827"}],"version-history":[{"count":2,"href":"https:\/\/2023.fim-6days.com\/es\/wp-json\/wp\/v2\/pages\/46827\/revisions"}],"predecessor-version":[{"id":46829,"href":"https:\/\/2023.fim-6days.com\/es\/wp-json\/wp\/v2\/pages\/46827\/revisions\/46829"}],"wp:attachment":[{"href":"https:\/\/2023.fim-6days.com\/es\/wp-json\/wp\/v2\/media?parent=46827"}],"curies":[{"name":"wp","href":"https:\/\/api.w.org\/{rel}","templated":true}]}}